{"id":23965,"date":"2019-05-02T08:38:29","date_gmt":"2019-05-02T08:38:29","guid":{"rendered":"https:\/\/www.leibniz-inm.de\/events\/tag-der-offenen-tuer-2\/"},"modified":"2024-04-04T12:52:00","modified_gmt":"2024-04-04T12:52:00","slug":"tag-der-offenen-tuer","status":"publish","type":"events","link":"https:\/\/www.leibniz-inm.de\/en\/events\/tag-der-offenen-tuer\/","title":{"rendered":"Open Day at INM"},"content":{"rendered":"<p><!--more--><\/p>\n<p><span class=\"tlid-translation translation\" lang=\"en\"><span class=\"\" title=\"\">On the open day of Saarland University, INM will open its (laboratory) doors, too.<\/span> M<\/span><span class=\"tlid-translation translation\" lang=\"en\"><span title=\"\">ake sure you stop by<\/span><\/span><span class=\"tlid-translation translation\" lang=\"en\"><span title=\"\"> !<\/span><\/span><\/p>\n<h3><span style=\"color: #0082c3;\">OUR PROGRAM:<\/span><\/h3>\n<ul>\n<li><span style=\"color: #0082c3;\">INM &#8211; INTERDISCIPLINARY RESEARCH FOR SPECIAL MATERIAL PROPERTIES<span style=\"color: #000000;\"> (English and German)<\/span><\/span><br \/>\n10:00 \u2013 15:00 Uhr im Foyer des INM, Campus D2 2<\/li>\n<\/ul>\n<p>Chemistry, biology, physics, materials science: Researchers from many disciplines cooperate at the INM to investigate, change and optimally use the properties of materials. We explain how materials store energy and desalinate water, how robots collaborate with humans, how cells react to nanoparticles, and which special material properties form the basis of the functionality of everyday objects.<\/p>\n<p>You\u2019d like to have break? Talk to scientists over coffee and cake in the Materials Caf\u00e9 (with children\u2019s corner) or relax before our next lectures or after the guided tour through our laboratories. We look forward to meeting you!<\/p>\n<ul>\n<li><span style=\"color: #0082c3;\">KURZ ERKL\u00c4RT: NEUE MATERIALIEN F\u00dcR DIE WELT VON MORGEN<\/span> (German)<br \/>\n11:00 \u2013 11:30 Uhr im INM, Campus D2 2, 1. Stock &#8220;Alte Bibliothek&#8221;<\/li>\n<\/ul>\n<p>INM-Wissenschaftler\/innen erkl\u00e4ren Materialforschung beispielhaft in vier anschaulichen Kurzvortr\u00e4gen: Das INM \u2013 Neue Materialien f\u00fcr die Welt von morgen; Materialdetektive ermitteln in der Zwergenwelt; Wie Batteriematerialien zur Wasserentsalzung genutzt werden k\u00f6nnen; Gedruckte Elektronik, intelligente Materialien und andere Anwendungen von Nanopartikeln.<\/p>\n<p>Anschlie\u00dfend k\u00f6nnen Sie gerne an einer Laborf\u00fchrung teilnehmen oder sich im Materials Caf\u00e9 st\u00e4rken.<\/p>\n<ul>\n<li><span style=\"color: #0082c3;\">LABORF\u00dcHRUNG<\/span> (German)<br \/>\n11:40 \u2013 12:10 Uhr im INM, Campus D2 2, Treffpunkt 1. Stock: Vor der Alten Bibliothek<\/li>\n<\/ul>\n<p>Die Forschungsgruppe Strukturbildung des INM \u00f6ffnet ihre Labore und demonstriert dort z. B. die von der Gruppe entwickelte elektrisch leitf\u00e4hige Tinte, aktive Nanokompositmaterialien, deren Farbe sich \u00fcber die Temperatur regeln l\u00e4sst, oder transparente gedruckte Elektroden. Wer sich dar\u00fcber hinaus \u00fcber die Forschung am INM informieren m\u00f6chte, ist an unseren Experimentierstationen im Foyer oder auch im Materials Caf\u00e9 herzlich willkommen.<\/p>\n<ul>\n<li><span style=\"color: #0082c3;\">IN A NUTSHELL: NEW MATERIALS FOR TOMORROW\u2019S WORLD<\/span> (English)<br \/>\n13:00 \u2013 13:30 at INM, Campus D2 2, 1st floor \u201cAlte Bibliothek\u201d<\/li>\n<\/ul>\n<p>INM scientists explain materials research in four short lectures: The INM &#8211; New Materials for tomorrow&#8217;s world; Better batteries need nanomaterials; Innobot \u2013 the robot that cooperates with humans; Printed electronic, smart materials and other applications of nanoparticles.<\/p>\n<p>You can join a lab tour afterwards or have a coffee in the INM\u2019s Materials Caf\u00e9.<\/p>\n<ul>\n<li><span style=\"color: #0082c3;\">LAB TOUR<\/span> (English)<br \/>\n13:40 \u2013 14:10 at INM, Campus D2 2, meeting point 1<sup>st<\/sup> floor, in front of the \u201cAlte Bibliothek\u201d<\/li>\n<\/ul>\n<p>The Research Group Structure Formation of the INM opens its laboratories and demonstrates e.g. the electrically conductive ink developed by the group, active nanocomposite materials whose color can be regulated by temperature, or transparent printed electrodes. If you would like to find out more about research at the INM, please visit our hands-on stations in the foyer or have a coffee at the Materials Caf\u00e9.<\/p>\n<p>&nbsp;<\/p>\n","protected":false},"featured_media":0,"template":"","meta":{"_acf_changed":false,"footnotes":""},"event-categories":[],"class_list":["post-23965","events","type-events","status-publish","hentry"],"acf":[],"yoast_head":"<!-- This site is optimized with the Yoast SEO plugin v27.3 - https:\/\/yoast.com\/product\/yoast-seo-wordpress\/ -->\n<title>Open Day at INM - INM<\/title>\n<meta name=\"description\" content=\"Open Day at INM \u2013 Ein Forschungsbeitrag des Leibniz-Instituts f\u00fcr Neue Materialien (INM).\" \/>\n<meta name=\"robots\" content=\"index, follow, max-snippet:-1, max-image-preview:large, max-video-preview:-1\" \/>\n<link rel=\"canonical\" href=\"https:\/\/www.leibniz-inm.de\/en\/events\/tag-der-offenen-tuer\/\" \/>\n<meta property=\"og:locale\" content=\"en_US\" \/>\n<meta property=\"og:type\" content=\"article\" \/>\n<meta property=\"og:title\" content=\"Open Day at INM - INM\" \/>\n<meta property=\"og:description\" content=\"Open Day at INM \u2013 Ein Forschungsbeitrag des Leibniz-Instituts f\u00fcr Neue Materialien (INM).\" \/>\n<meta property=\"og:url\" content=\"https:\/\/www.leibniz-inm.de\/en\/events\/tag-der-offenen-tuer\/\" \/>\n<meta property=\"og:site_name\" content=\"INM\" \/>\n<meta property=\"article:published_time\" content=\"2019-05-02T08:38:29+00:00\" \/>\n<meta property=\"article:modified_time\" content=\"2024-04-04T12:52:00+00:00\" \/>\n<meta property=\"og:image\" content=\"https:\/\/www.leibniz-inm.de\/wp-content\/uploads\/2024\/03\/INM-Logo-Regular_en.png\" \/>\n\t<meta property=\"og:image:width\" content=\"1200\" \/>\n\t<meta property=\"og:image:height\" content=\"1085\" \/>\n\t<meta property=\"og:image:type\" content=\"image\/png\" \/>\n<meta name=\"author\" content=\"inm\" \/>\n<meta name=\"twitter:card\" content=\"summary_large_image\" \/>\n<meta name=\"twitter:creator\" content=\"@Leibniz_INM\" \/>\n<meta name=\"twitter:site\" content=\"@Leibniz_INM\" \/>\n<meta name=\"twitter:label1\" content=\"Written by\" \/>\n\t<meta name=\"twitter:data1\" content=\"inm\" \/>\n\t<meta name=\"twitter:label2\" content=\"Est. reading time\" \/>\n\t<meta name=\"twitter:data2\" content=\"2 minutes\" \/>\n<script type=\"application\/ld+json\" class=\"yoast-schema-graph\">{\"@context\":\"https:\\\/\\\/schema.org\",\"@graph\":[{\"@type\":\"Article\",\"@id\":\"https:\\\/\\\/www.leibniz-inm.de\\\/en\\\/events\\\/tag-der-offenen-tuer\\\/#article\",\"isPartOf\":{\"@id\":\"https:\\\/\\\/www.leibniz-inm.de\\\/en\\\/events\\\/tag-der-offenen-tuer\\\/\"},\"author\":{\"name\":\"inm\",\"@id\":\"https:\\\/\\\/www.leibniz-inm.de\\\/en\\\/#\\\/schema\\\/person\\\/a32d20f95b91501f9037bab7ef43034b\"},\"headline\":\"Open Day at INM\",\"datePublished\":\"2019-05-02T08:38:29+00:00\",\"dateModified\":\"2024-04-04T12:52:00+00:00\",\"mainEntityOfPage\":{\"@id\":\"https:\\\/\\\/www.leibniz-inm.de\\\/en\\\/events\\\/tag-der-offenen-tuer\\\/\"},\"wordCount\":456,\"publisher\":{\"@id\":\"https:\\\/\\\/www.leibniz-inm.de\\\/en\\\/#organization\"},\"inLanguage\":\"en-US\"},{\"@type\":\"WebPage\",\"@id\":\"https:\\\/\\\/www.leibniz-inm.de\\\/en\\\/events\\\/tag-der-offenen-tuer\\\/\",\"url\":\"https:\\\/\\\/www.leibniz-inm.de\\\/en\\\/events\\\/tag-der-offenen-tuer\\\/\",\"name\":\"Open Day at INM - INM\",\"isPartOf\":{\"@id\":\"https:\\\/\\\/www.leibniz-inm.de\\\/en\\\/#website\"},\"datePublished\":\"2019-05-02T08:38:29+00:00\",\"dateModified\":\"2024-04-04T12:52:00+00:00\",\"description\":\"Open Day at INM \u2013 Ein Forschungsbeitrag des Leibniz-Instituts f\u00fcr Neue Materialien (INM).\",\"breadcrumb\":{\"@id\":\"https:\\\/\\\/www.leibniz-inm.de\\\/en\\\/events\\\/tag-der-offenen-tuer\\\/#breadcrumb\"},\"inLanguage\":\"en-US\",\"potentialAction\":[{\"@type\":\"ReadAction\",\"target\":[\"https:\\\/\\\/www.leibniz-inm.de\\\/en\\\/events\\\/tag-der-offenen-tuer\\\/\"]}]},{\"@type\":\"BreadcrumbList\",\"@id\":\"https:\\\/\\\/www.leibniz-inm.de\\\/en\\\/events\\\/tag-der-offenen-tuer\\\/#breadcrumb\",\"itemListElement\":[{\"@type\":\"ListItem\",\"position\":1,\"name\":\"Home\",\"item\":\"https:\\\/\\\/www.leibniz-inm.de\\\/en\\\/\"},{\"@type\":\"ListItem\",\"position\":2,\"name\":\"Open Day at INM\"}]},{\"@type\":\"WebSite\",\"@id\":\"https:\\\/\\\/www.leibniz-inm.de\\\/en\\\/#website\",\"url\":\"https:\\\/\\\/www.leibniz-inm.de\\\/en\\\/\",\"name\":\"INM\",\"description\":\"\",\"publisher\":{\"@id\":\"https:\\\/\\\/www.leibniz-inm.de\\\/en\\\/#organization\"},\"alternateName\":\"Leibniz Institute for New Materials\",\"potentialAction\":[{\"@type\":\"SearchAction\",\"target\":{\"@type\":\"EntryPoint\",\"urlTemplate\":\"https:\\\/\\\/www.leibniz-inm.de\\\/en\\\/?s={search_term_string}\"},\"query-input\":{\"@type\":\"PropertyValueSpecification\",\"valueRequired\":true,\"valueName\":\"search_term_string\"}}],\"inLanguage\":\"en-US\"},{\"@type\":\"Organization\",\"@id\":\"https:\\\/\\\/www.leibniz-inm.de\\\/en\\\/#organization\",\"name\":\"Leibniz Institute for New Materials\",\"url\":\"https:\\\/\\\/www.leibniz-inm.de\\\/en\\\/\",\"logo\":{\"@type\":\"ImageObject\",\"inLanguage\":\"en-US\",\"@id\":\"https:\\\/\\\/www.leibniz-inm.de\\\/en\\\/#\\\/schema\\\/logo\\\/image\\\/\",\"url\":\"https:\\\/\\\/www.leibniz-inm.de\\\/wp-content\\\/uploads\\\/2024\\\/03\\\/INM-Logo-Regular_en.png\",\"contentUrl\":\"https:\\\/\\\/www.leibniz-inm.de\\\/wp-content\\\/uploads\\\/2024\\\/03\\\/INM-Logo-Regular_en.png\",\"width\":1200,\"height\":1085,\"caption\":\"Leibniz Institute for New Materials\"},\"image\":{\"@id\":\"https:\\\/\\\/www.leibniz-inm.de\\\/en\\\/#\\\/schema\\\/logo\\\/image\\\/\"},\"sameAs\":[\"https:\\\/\\\/x.com\\\/Leibniz_INM\",\"https:\\\/\\\/www.instagram.com\\\/leibniz_inm\\\/\",\"https:\\\/\\\/www.youtube.com\\\/@leibniz_inm\\\/\",\"https:\\\/\\\/www.linkedin.com\\\/company\\\/inm-leibniz-institute-for-new-materials\\\/\",\"https:\\\/\\\/bsky.app\\\/profile\\\/leibnizinm.bsky.social\"]},{\"@type\":\"Person\",\"@id\":\"https:\\\/\\\/www.leibniz-inm.de\\\/en\\\/#\\\/schema\\\/person\\\/a32d20f95b91501f9037bab7ef43034b\",\"name\":\"inm\",\"image\":{\"@type\":\"ImageObject\",\"inLanguage\":\"en-US\",\"@id\":\"https:\\\/\\\/secure.gravatar.com\\\/avatar\\\/53ceb13eaf8ed4cbfeba5125b7ddc4f8981ef9635dcd22043d2386261bb660f2?s=96&d=mm&r=g\",\"url\":\"https:\\\/\\\/secure.gravatar.com\\\/avatar\\\/53ceb13eaf8ed4cbfeba5125b7ddc4f8981ef9635dcd22043d2386261bb660f2?s=96&d=mm&r=g\",\"contentUrl\":\"https:\\\/\\\/secure.gravatar.com\\\/avatar\\\/53ceb13eaf8ed4cbfeba5125b7ddc4f8981ef9635dcd22043d2386261bb660f2?s=96&d=mm&r=g\",\"caption\":\"inm\"},\"sameAs\":[\"https:\\\/\\\/www.leibniz-inm.de\"]}]}<\/script>\n<!-- \/ Yoast SEO plugin. -->","yoast_head_json":{"title":"Open Day at INM - INM","description":"Open Day at INM \u2013 Ein Forschungsbeitrag des Leibniz-Instituts f\u00fcr Neue Materialien (INM).","robots":{"index":"index","follow":"follow","max-snippet":"max-snippet:-1","max-image-preview":"max-image-preview:large","max-video-preview":"max-video-preview:-1"},"canonical":"https:\/\/www.leibniz-inm.de\/en\/events\/tag-der-offenen-tuer\/","og_locale":"en_US","og_type":"article","og_title":"Open Day at INM - INM","og_description":"Open Day at INM \u2013 Ein Forschungsbeitrag des Leibniz-Instituts f\u00fcr Neue Materialien (INM).","og_url":"https:\/\/www.leibniz-inm.de\/en\/events\/tag-der-offenen-tuer\/","og_site_name":"INM","article_published_time":"2019-05-02T08:38:29+00:00","article_modified_time":"2024-04-04T12:52:00+00:00","og_image":[{"width":1200,"height":1085,"url":"https:\/\/www.leibniz-inm.de\/wp-content\/uploads\/2024\/03\/INM-Logo-Regular_en.png","type":"image\/png"}],"author":"inm","twitter_card":"summary_large_image","twitter_creator":"@Leibniz_INM","twitter_site":"@Leibniz_INM","twitter_misc":{"Written by":"inm","Est. reading time":"2 minutes"},"schema":{"@context":"https:\/\/schema.org","@graph":[{"@type":"Article","@id":"https:\/\/www.leibniz-inm.de\/en\/events\/tag-der-offenen-tuer\/#article","isPartOf":{"@id":"https:\/\/www.leibniz-inm.de\/en\/events\/tag-der-offenen-tuer\/"},"author":{"name":"inm","@id":"https:\/\/www.leibniz-inm.de\/en\/#\/schema\/person\/a32d20f95b91501f9037bab7ef43034b"},"headline":"Open Day at INM","datePublished":"2019-05-02T08:38:29+00:00","dateModified":"2024-04-04T12:52:00+00:00","mainEntityOfPage":{"@id":"https:\/\/www.leibniz-inm.de\/en\/events\/tag-der-offenen-tuer\/"},"wordCount":456,"publisher":{"@id":"https:\/\/www.leibniz-inm.de\/en\/#organization"},"inLanguage":"en-US"},{"@type":"WebPage","@id":"https:\/\/www.leibniz-inm.de\/en\/events\/tag-der-offenen-tuer\/","url":"https:\/\/www.leibniz-inm.de\/en\/events\/tag-der-offenen-tuer\/","name":"Open Day at INM - INM","isPartOf":{"@id":"https:\/\/www.leibniz-inm.de\/en\/#website"},"datePublished":"2019-05-02T08:38:29+00:00","dateModified":"2024-04-04T12:52:00+00:00","description":"Open Day at INM \u2013 Ein Forschungsbeitrag des Leibniz-Instituts f\u00fcr Neue Materialien (INM).","breadcrumb":{"@id":"https:\/\/www.leibniz-inm.de\/en\/events\/tag-der-offenen-tuer\/#breadcrumb"},"inLanguage":"en-US","potentialAction":[{"@type":"ReadAction","target":["https:\/\/www.leibniz-inm.de\/en\/events\/tag-der-offenen-tuer\/"]}]},{"@type":"BreadcrumbList","@id":"https:\/\/www.leibniz-inm.de\/en\/events\/tag-der-offenen-tuer\/#breadcrumb","itemListElement":[{"@type":"ListItem","position":1,"name":"Home","item":"https:\/\/www.leibniz-inm.de\/en\/"},{"@type":"ListItem","position":2,"name":"Open Day at INM"}]},{"@type":"WebSite","@id":"https:\/\/www.leibniz-inm.de\/en\/#website","url":"https:\/\/www.leibniz-inm.de\/en\/","name":"INM","description":"","publisher":{"@id":"https:\/\/www.leibniz-inm.de\/en\/#organization"},"alternateName":"Leibniz Institute for New Materials","potentialAction":[{"@type":"SearchAction","target":{"@type":"EntryPoint","urlTemplate":"https:\/\/www.leibniz-inm.de\/en\/?s={search_term_string}"},"query-input":{"@type":"PropertyValueSpecification","valueRequired":true,"valueName":"search_term_string"}}],"inLanguage":"en-US"},{"@type":"Organization","@id":"https:\/\/www.leibniz-inm.de\/en\/#organization","name":"Leibniz Institute for New Materials","url":"https:\/\/www.leibniz-inm.de\/en\/","logo":{"@type":"ImageObject","inLanguage":"en-US","@id":"https:\/\/www.leibniz-inm.de\/en\/#\/schema\/logo\/image\/","url":"https:\/\/www.leibniz-inm.de\/wp-content\/uploads\/2024\/03\/INM-Logo-Regular_en.png","contentUrl":"https:\/\/www.leibniz-inm.de\/wp-content\/uploads\/2024\/03\/INM-Logo-Regular_en.png","width":1200,"height":1085,"caption":"Leibniz Institute for New Materials"},"image":{"@id":"https:\/\/www.leibniz-inm.de\/en\/#\/schema\/logo\/image\/"},"sameAs":["https:\/\/x.com\/Leibniz_INM","https:\/\/www.instagram.com\/leibniz_inm\/","https:\/\/www.youtube.com\/@leibniz_inm\/","https:\/\/www.linkedin.com\/company\/inm-leibniz-institute-for-new-materials\/","https:\/\/bsky.app\/profile\/leibnizinm.bsky.social"]},{"@type":"Person","@id":"https:\/\/www.leibniz-inm.de\/en\/#\/schema\/person\/a32d20f95b91501f9037bab7ef43034b","name":"inm","image":{"@type":"ImageObject","inLanguage":"en-US","@id":"https:\/\/secure.gravatar.com\/avatar\/53ceb13eaf8ed4cbfeba5125b7ddc4f8981ef9635dcd22043d2386261bb660f2?s=96&d=mm&r=g","url":"https:\/\/secure.gravatar.com\/avatar\/53ceb13eaf8ed4cbfeba5125b7ddc4f8981ef9635dcd22043d2386261bb660f2?s=96&d=mm&r=g","contentUrl":"https:\/\/secure.gravatar.com\/avatar\/53ceb13eaf8ed4cbfeba5125b7ddc4f8981ef9635dcd22043d2386261bb660f2?s=96&d=mm&r=g","caption":"inm"},"sameAs":["https:\/\/www.leibniz-inm.de"]}]}},"_links":{"self":[{"href":"https:\/\/www.leibniz-inm.de\/en\/wp-json\/wp\/v2\/events\/23965","targetHints":{"allow":["GET"]}}],"collection":[{"href":"https:\/\/www.leibniz-inm.de\/en\/wp-json\/wp\/v2\/events"}],"about":[{"href":"https:\/\/www.leibniz-inm.de\/en\/wp-json\/wp\/v2\/types\/events"}],"version-history":[{"count":1,"href":"https:\/\/www.leibniz-inm.de\/en\/wp-json\/wp\/v2\/events\/23965\/revisions"}],"predecessor-version":[{"id":24103,"href":"https:\/\/www.leibniz-inm.de\/en\/wp-json\/wp\/v2\/events\/23965\/revisions\/24103"}],"wp:attachment":[{"href":"https:\/\/www.leibniz-inm.de\/en\/wp-json\/wp\/v2\/media?parent=23965"}],"wp:term":[{"taxonomy":"event-categories","embeddable":true,"href":"https:\/\/www.leibniz-inm.de\/en\/wp-json\/wp\/v2\/event-categories?post=23965"}],"curies":[{"name":"wp","href":"https:\/\/api.w.org\/{rel}","templated":true}]}}